{"id":1416,"date":"2019-09-05T21:52:20","date_gmt":"2019-09-05T19:52:20","guid":{"rendered":"https:\/\/www.gsheli.de\/?page_id=1416"},"modified":"2026-03-15T16:12:34","modified_gmt":"2026-03-15T15:12:34","slug":"betreuung","status":"publish","type":"page","link":"https:\/\/www.gsheli.de\/?page_id=1416","title":{"rendered":"Betreuung"},"content":{"rendered":"\r\n<p class=\"wp-block-paragraph\"><img loading=\"lazy\" decoding=\"async\" class=\"alignnone size-medium wp-image-2892\" src=\"https:\/\/www.gsheli.de\/wp-content\/uploads\/2025\/06\/Betreuungsfoto-2025-600x450.jpeg\" alt=\"\" width=\"600\" height=\"450\" srcset=\"https:\/\/www.gsheli.de\/wp-content\/uploads\/2025\/06\/Betreuungsfoto-2025-600x450.jpeg 600w, https:\/\/www.gsheli.de\/wp-content\/uploads\/2025\/06\/Betreuungsfoto-2025-1024x768.jpeg 1024w, https:\/\/www.gsheli.de\/wp-content\/uploads\/2025\/06\/Betreuungsfoto-2025-768x576.jpeg 768w, https:\/\/www.gsheli.de\/wp-content\/uploads\/2025\/06\/Betreuungsfoto-2025-1536x1152.jpeg 1536w, https:\/\/www.gsheli.de\/wp-content\/uploads\/2025\/06\/Betreuungsfoto-2025.jpeg 2000w\" sizes=\"auto, (max-width: 600px) 100vw, 600px\" \/><\/p>\r\n<p>Das Betreuungsteam &#8211; Sommer 2025<\/p>\r\n<p>&nbsp;<\/p>\r\n<p><strong>Anmeldeformular zum Herunterladen:<\/strong><\/p>\r\n<p>\r\n\r\n\r\n\r\n<\/p>\r\n<p><a href=\"https:\/\/www.gsheli.de\/wp-content\/uploads\/2025\/05\/Anmeldung-Betreuungsvertrag_2025_26_zweiseitig.pdf\">Anmeldung Betreuungsvertrag Schuljahr 2025\/26<\/a><\/p>\r\n<p>Wir beziehen das <strong>Mittagessen <\/strong>von der<strong> Werraland-Besch\u00e4ftigungsgesellschaft mbH<\/strong> in Eschwege.<\/p>\r\n<p>Mit diesem QR-Code k\u00f6nnen Sie die App f\u00fcr die\u00a0 Anmeldung beim Mittagessen herunterladen.<\/p>\r\n<p><img loading=\"lazy\" decoding=\"async\" class=\"alignnone size-full wp-image-2845\" src=\"https:\/\/www.gsheli.de\/wp-content\/uploads\/2025\/05\/Bildschirmfoto_19-5-2025_13208_email-kultuscloudhessen.msappproxy.net_.jpeg\" alt=\"\" width=\"231\" height=\"284\" \/><\/p>\r\n<p>Bitte registrieren Sie sich bei dem Essensanbieter. Die Systemnummer f\u00fcr unsere Grundschule lautet <strong>502551<\/strong>.<\/p>\r\n<p>&nbsp;<\/p>\r\n\r\n\r\n\r\n<div><strong>Allgemeine Informationen:<\/strong><\/div>\r\n<div>\u00a0<\/div>\r\n\r\n\r\n\r\n<p class=\"wp-block-paragraph\">Seit dem Schuljahr 2018\/19 nimmt unsere Schule am &#8222;Pakt f\u00fcr den Nachmittag&#8220; teil, einer Kooperationsvereinbarung zwischen dem Land Hessen und dem Schultr\u00e4ger, die durch personelle und finanzielle Ressourcen ein Bildungs- und Betreuungsangebot erm\u00f6glicht. Die Mittelverwaltung \u00fcbernimmt die Volkshochschule Werra-Mei\u00dfner.<\/p>\r\n\r\n\r\n\r\n<p class=\"wp-block-paragraph\">Die Teilnahme ist freiwillig, nach der Anmeldung aber f\u00fcr ein Jahr verbindlich. Die Anmeldungen f\u00fcr das neue Schuljahr erfolgen aufgrund der n\u00f6tigen Vorplanungen bereits im 2. Schulhalbjahr des laufenden Schuljahres. Die Geb\u00fchrenkalkulation erstreckt sich auf 12 Monate, so dass bereits im August die erste Abbuchung erfolgt.<\/p>\r\n<p>Ein rechtlicher Anspruch auf einen Platz besteht ab dem Schuljahr 2026\/27 f\u00fcr den Jahrgang 1, die \u00fcbrigen Jahrg\u00e4nge folgen j\u00e4hrlich sukzessive. Die Anmeldefristen am Schuljahresanfang gelten aufgrund der Personalplanung trotzdem. <br \/>Im laufenden Schuljahr k\u00f6nnen Aufnahmen nur bei gegebener Kapazit\u00e4t erfolgen. Der Antrag auf Aufnahme f\u00fcr den n\u00e4chsten Monat muss sp\u00e4testens bis zum 15. des Vormonats erfolgen. Eine K\u00fcndigung bzw. Ummeldung der Module kann nur aus wichtigen Gr\u00fcnden schriftlich mit einer Frist von 4 Wochen zum Monatsende erfolgen.<\/p>\r\n\r\n\r\n\r\n<p class=\"wp-block-paragraph\">Eltern k\u00f6nnen die Betreuungszeiten f\u00fcr ihre Kinder flexibel zwischen verschiedenen Modulen w\u00e4hlen.<\/p>\r\n\r\n\r\n\r\n<p class=\"wp-block-paragraph\">Ein warmes Mittagessen (3,90 \u20ac\/Essen), eine qualifizierte Hausaufgabenbetreuung sowie abwechslungsreiche Angebote stehen auf dem Nachmittagsprogramm.<\/p>\r\n\r\n\r\n\r\n<p class=\"wp-block-paragraph\">Eine Ferienbetreuung wird \u00fcber die Jugendf\u00f6rderung der Stadt Hessisch Lichtenau (2 Wochen in den Sommerferien) und \u00fcber den Verein Kidzz Kreativ (je eine Woche in allen Ferien) angeboten.<\/p>\r\n<div class=\"wp-block-file\">\r\n<p>Kontakt Betreuung:\u00a0\u00a0\u00a0\u00a0\u00a0\u00a0\u00a0\u00a0\u00a0\u00a0\u00a0\u00a0\u00a0\u00a0\u00a0\u00a0\u00a0\u00a0\u00a0\u00a0\u00a0\u00a0\u00a0 0 15 15 \/ 31 74 674\u00a0 \u00a0 \u00a0 \u00a0 \u00a0 \u00a0 \u00a0 \u00a0 \u00a0 \u00a0 \u00a0 \u00a0\u00a0<\/p>\r\n<p>Email: grundschule.betreuung.heli@outlook.de\u00a0\u00a0<\/p>\r\n<p>Kontakt Schul-Mensa:\u00a0\u00a0\u00a0\u00a0\u00a0\u00a0\u00a0\u00a0\u00a0\u00a0\u00a0\u00a0\u00a0\u00a0\u00a0\u00a0\u00a0\u00a0 0 15 15 \/ 31 45 311<\/p>\r\n<\/div>\r\n","protected":false},"excerpt":{"rendered":"<p>Das Betreuungsteam &#8211; Sommer 2025 &nbsp; Anmeldeformular zum Herunterladen: Seit dem Schuljahr 2018\/19 nimmt unsere Schule am &#8222;Pakt f\u00fcr den Nachmittag&#8220; teil, einer Kooperationsvereinbarung zwischen dem Land Hessen und dem Schultr\u00e4ger, die durch personelle und finanzielle Ressourcen ein Bildungs- und Betreuungsangebot erm\u00f6glicht. Die Mittelverwaltung \u00fcbernimmt die Volkshochschule Werra-Mei\u00dfner. Die Teilnahme ist freiwillig, nach der Anmeldung &hellip; <a href=\"https:\/\/www.gsheli.de\/?page_id=1416\" class=\"more-link\"><span class=\"screen-reader-text\">Betreuung<\/span> weiterlesen <span class=\"meta-nav\">&rarr;<\/span><\/a><\/p>\n","protected":false},"author":4,"featured_media":0,"parent":0,"menu_order":0,"comment_status":"closed","ping_status":"closed","template":"","meta":{"_bbp_topic_count":0,"_bbp_reply_count":0,"_bbp_total_topic_count":0,"_bbp_total_reply_count":0,"_bbp_voice_count":0,"_bbp_anonymous_reply_count":0,"_bbp_topic_count_hidden":0,"_bbp_reply_count_hidden":0,"_bbp_forum_subforum_count":0,"_crdt_document":"","footnotes":""},"class_list":["post-1416","page","type-page","status-publish","hentry"],"yoast_head":"<!-- This site is optimized with the Yoast SEO plugin v27.5 - https:\/\/yoast.com\/product\/yoast-seo-wordpress\/ -->\n<title>Betreuung - Grundschule Hessisch Lichtenau<\/title>\n<meta name=\"robots\" content=\"index, follow, max-snippet:-1, max-image-preview:large, max-video-preview:-1\" \/>\n<link rel=\"canonical\" href=\"https:\/\/www.gsheli.de\/?page_id=1416\" class=\"yoast-seo-meta-tag\" \/>\n<meta property=\"og:locale\" content=\"de_DE\" class=\"yoast-seo-meta-tag\" \/>\n<meta property=\"og:type\" content=\"article\" class=\"yoast-seo-meta-tag\" \/>\n<meta property=\"og:title\" content=\"Betreuung - Grundschule Hessisch Lichtenau\" class=\"yoast-seo-meta-tag\" \/>\n<meta property=\"og:description\" content=\"Das Betreuungsteam &#8211; Sommer 2025 &nbsp; Anmeldeformular zum Herunterladen: Seit dem Schuljahr 2018\/19 nimmt unsere Schule am &#8222;Pakt f\u00fcr den Nachmittag&#8220; teil, einer Kooperationsvereinbarung zwischen dem Land Hessen und dem Schultr\u00e4ger, die durch personelle und finanzielle Ressourcen ein Bildungs- und Betreuungsangebot erm\u00f6glicht. Die Mittelverwaltung \u00fcbernimmt die Volkshochschule Werra-Mei\u00dfner. Die Teilnahme ist freiwillig, nach der Anmeldung &hellip; Betreuung weiterlesen &rarr;\" class=\"yoast-seo-meta-tag\" \/>\n<meta property=\"og:url\" content=\"https:\/\/www.gsheli.de\/?page_id=1416\" class=\"yoast-seo-meta-tag\" \/>\n<meta property=\"og:site_name\" content=\"Grundschule Hessisch Lichtenau\" class=\"yoast-seo-meta-tag\" \/>\n<meta property=\"article:modified_time\" content=\"2026-03-15T15:12:34+00:00\" class=\"yoast-seo-meta-tag\" \/>\n<meta property=\"og:image\" content=\"https:\/\/www.gsheli.de\/wp-content\/uploads\/2025\/06\/Betreuungsfoto-2025.jpeg\" class=\"yoast-seo-meta-tag\" \/>\n\t<meta property=\"og:image:width\" content=\"2000\" class=\"yoast-seo-meta-tag\" \/>\n\t<meta property=\"og:image:height\" content=\"1500\" class=\"yoast-seo-meta-tag\" \/>\n\t<meta property=\"og:image:type\" content=\"image\/jpeg\" class=\"yoast-seo-meta-tag\" \/>\n<meta name=\"twitter:card\" content=\"summary_large_image\" class=\"yoast-seo-meta-tag\" \/>\n<meta name=\"twitter:label1\" content=\"Gesch\u00e4tzte Lesezeit\" class=\"yoast-seo-meta-tag\" \/>\n\t<meta name=\"twitter:data1\" content=\"3\u00a0Minuten\" class=\"yoast-seo-meta-tag\" \/>\n<script type=\"application\/ld+json\" class=\"yoast-schema-graph\">{\"@context\":\"https:\\\/\\\/schema.org\",\"@graph\":[{\"@type\":\"WebPage\",\"@id\":\"https:\\\/\\\/www.gsheli.de\\\/?page_id=1416\",\"url\":\"https:\\\/\\\/www.gsheli.de\\\/?page_id=1416\",\"name\":\"Betreuung - Grundschule Hessisch Lichtenau\",\"isPartOf\":{\"@id\":\"https:\\\/\\\/www.gsheli.de\\\/#website\"},\"primaryImageOfPage\":{\"@id\":\"https:\\\/\\\/www.gsheli.de\\\/?page_id=1416#primaryimage\"},\"image\":{\"@id\":\"https:\\\/\\\/www.gsheli.de\\\/?page_id=1416#primaryimage\"},\"thumbnailUrl\":\"https:\\\/\\\/www.gsheli.de\\\/wp-content\\\/uploads\\\/2025\\\/06\\\/Betreuungsfoto-2025-600x450.jpeg\",\"datePublished\":\"2019-09-05T19:52:20+00:00\",\"dateModified\":\"2026-03-15T15:12:34+00:00\",\"breadcrumb\":{\"@id\":\"https:\\\/\\\/www.gsheli.de\\\/?page_id=1416#breadcrumb\"},\"inLanguage\":\"de\",\"potentialAction\":[{\"@type\":\"ReadAction\",\"target\":[\"https:\\\/\\\/www.gsheli.de\\\/?page_id=1416\"]}]},{\"@type\":\"ImageObject\",\"inLanguage\":\"de\",\"@id\":\"https:\\\/\\\/www.gsheli.de\\\/?page_id=1416#primaryimage\",\"url\":\"https:\\\/\\\/www.gsheli.de\\\/wp-content\\\/uploads\\\/2025\\\/06\\\/Betreuungsfoto-2025.jpeg\",\"contentUrl\":\"https:\\\/\\\/www.gsheli.de\\\/wp-content\\\/uploads\\\/2025\\\/06\\\/Betreuungsfoto-2025.jpeg\",\"width\":2000,\"height\":1500},{\"@type\":\"BreadcrumbList\",\"@id\":\"https:\\\/\\\/www.gsheli.de\\\/?page_id=1416#breadcrumb\",\"itemListElement\":[{\"@type\":\"ListItem\",\"position\":1,\"name\":\"Startseite\",\"item\":\"https:\\\/\\\/www.gsheli.de\\\/\"},{\"@type\":\"ListItem\",\"position\":2,\"name\":\"Betreuung\"}]},{\"@type\":\"WebSite\",\"@id\":\"https:\\\/\\\/www.gsheli.de\\\/#website\",\"url\":\"https:\\\/\\\/www.gsheli.de\\\/\",\"name\":\"Grundschule Hessisch Lichtenau\",\"description\":\"\",\"potentialAction\":[{\"@type\":\"SearchAction\",\"target\":{\"@type\":\"EntryPoint\",\"urlTemplate\":\"https:\\\/\\\/www.gsheli.de\\\/?s={search_term_string}\"},\"query-input\":{\"@type\":\"PropertyValueSpecification\",\"valueRequired\":true,\"valueName\":\"search_term_string\"}}],\"inLanguage\":\"de\"}]}<\/script>\n<!-- \/ Yoast SEO plugin. -->","yoast_head_json":{"title":"Betreuung - Grundschule Hessisch Lichtenau","robots":{"index":"index","follow":"follow","max-snippet":"max-snippet:-1","max-image-preview":"max-image-preview:large","max-video-preview":"max-video-preview:-1"},"canonical":"https:\/\/www.gsheli.de\/?page_id=1416","og_locale":"de_DE","og_type":"article","og_title":"Betreuung - Grundschule Hessisch Lichtenau","og_description":"Das Betreuungsteam &#8211; Sommer 2025 &nbsp; Anmeldeformular zum Herunterladen: Seit dem Schuljahr 2018\/19 nimmt unsere Schule am &#8222;Pakt f\u00fcr den Nachmittag&#8220; teil, einer Kooperationsvereinbarung zwischen dem Land Hessen und dem Schultr\u00e4ger, die durch personelle und finanzielle Ressourcen ein Bildungs- und Betreuungsangebot erm\u00f6glicht. Die Mittelverwaltung \u00fcbernimmt die Volkshochschule Werra-Mei\u00dfner. Die Teilnahme ist freiwillig, nach der Anmeldung &hellip; Betreuung weiterlesen &rarr;","og_url":"https:\/\/www.gsheli.de\/?page_id=1416","og_site_name":"Grundschule Hessisch Lichtenau","article_modified_time":"2026-03-15T15:12:34+00:00","og_image":[{"width":2000,"height":1500,"url":"https:\/\/www.gsheli.de\/wp-content\/uploads\/2025\/06\/Betreuungsfoto-2025.jpeg","type":"image\/jpeg"}],"twitter_card":"summary_large_image","twitter_misc":{"Gesch\u00e4tzte Lesezeit":"3\u00a0Minuten"},"schema":{"@context":"https:\/\/schema.org","@graph":[{"@type":"WebPage","@id":"https:\/\/www.gsheli.de\/?page_id=1416","url":"https:\/\/www.gsheli.de\/?page_id=1416","name":"Betreuung - Grundschule Hessisch Lichtenau","isPartOf":{"@id":"https:\/\/www.gsheli.de\/#website"},"primaryImageOfPage":{"@id":"https:\/\/www.gsheli.de\/?page_id=1416#primaryimage"},"image":{"@id":"https:\/\/www.gsheli.de\/?page_id=1416#primaryimage"},"thumbnailUrl":"https:\/\/www.gsheli.de\/wp-content\/uploads\/2025\/06\/Betreuungsfoto-2025-600x450.jpeg","datePublished":"2019-09-05T19:52:20+00:00","dateModified":"2026-03-15T15:12:34+00:00","breadcrumb":{"@id":"https:\/\/www.gsheli.de\/?page_id=1416#breadcrumb"},"inLanguage":"de","potentialAction":[{"@type":"ReadAction","target":["https:\/\/www.gsheli.de\/?page_id=1416"]}]},{"@type":"ImageObject","inLanguage":"de","@id":"https:\/\/www.gsheli.de\/?page_id=1416#primaryimage","url":"https:\/\/www.gsheli.de\/wp-content\/uploads\/2025\/06\/Betreuungsfoto-2025.jpeg","contentUrl":"https:\/\/www.gsheli.de\/wp-content\/uploads\/2025\/06\/Betreuungsfoto-2025.jpeg","width":2000,"height":1500},{"@type":"BreadcrumbList","@id":"https:\/\/www.gsheli.de\/?page_id=1416#breadcrumb","itemListElement":[{"@type":"ListItem","position":1,"name":"Startseite","item":"https:\/\/www.gsheli.de\/"},{"@type":"ListItem","position":2,"name":"Betreuung"}]},{"@type":"WebSite","@id":"https:\/\/www.gsheli.de\/#website","url":"https:\/\/www.gsheli.de\/","name":"Grundschule Hessisch Lichtenau","description":"","potentialAction":[{"@type":"SearchAction","target":{"@type":"EntryPoint","urlTemplate":"https:\/\/www.gsheli.de\/?s={search_term_string}"},"query-input":{"@type":"PropertyValueSpecification","valueRequired":true,"valueName":"search_term_string"}}],"inLanguage":"de"}]}},"_links":{"self":[{"href":"https:\/\/www.gsheli.de\/index.php?rest_route=\/wp\/v2\/pages\/1416","targetHints":{"allow":["GET"]}}],"collection":[{"href":"https:\/\/www.gsheli.de\/index.php?rest_route=\/wp\/v2\/pages"}],"about":[{"href":"https:\/\/www.gsheli.de\/index.php?rest_route=\/wp\/v2\/types\/page"}],"author":[{"embeddable":true,"href":"https:\/\/www.gsheli.de\/index.php?rest_route=\/wp\/v2\/users\/4"}],"replies":[{"embeddable":true,"href":"https:\/\/www.gsheli.de\/index.php?rest_route=%2Fwp%2Fv2%2Fcomments&post=1416"}],"version-history":[{"count":54,"href":"https:\/\/www.gsheli.de\/index.php?rest_route=\/wp\/v2\/pages\/1416\/revisions"}],"predecessor-version":[{"id":3175,"href":"https:\/\/www.gsheli.de\/index.php?rest_route=\/wp\/v2\/pages\/1416\/revisions\/3175"}],"wp:attachment":[{"href":"https:\/\/www.gsheli.de\/index.php?rest_route=%2Fwp%2Fv2%2Fmedia&parent=1416"}],"curies":[{"name":"wp","href":"https:\/\/api.w.org\/{rel}","templated":true}]}}